{"id":77,"date":"2015-11-26T15:42:02","date_gmt":"2015-11-26T15:42:02","guid":{"rendered":"http:\/\/www.consellaparelladors.cat\/es\/presentacio-institucional\/"},"modified":"2025-07-16T11:20:43","modified_gmt":"2025-07-16T11:20:43","slug":"presentacion","status":"publish","type":"page","link":"https:\/\/consellaparelladors.cat\/es\/presentacion\/","title":{"rendered":"Presentaci\u00f3n"},"content":{"rendered":"<section class=\"columns\">\n<h1>Presentaci\u00f3n Institucional<\/h1>\n<article class=\"col col1\">\nEl Consejo de la arquitectura t\u00e9cnica de Catalu\u00f1a es una <strong>corporaci\u00f3n de derecho p\u00fablico<\/strong>, que est\u00e1 integrada por los Colegios de Aparejadores, Arquitectos T\u00e9cnicos e Ingenieros de Edificaci\u00f3n del \u00e1mbito territorial catal\u00e1n:<\/p>\n<ul>\n<li>Colegio de la Arquitectura T\u00e9cnica de <strong>Barcelona<\/strong><\/li>\n<li>Colegio de la Arquitectura T\u00e9cnica de <strong>Girona<\/strong><\/li>\n<li>Colegio de la Arquitectura T\u00e9cnica de <strong>Lleida<\/strong><\/li>\n<li>Colegio oficial de la Arquitectura T\u00e9cnica de <strong>Tarragona<\/strong><\/li>\n<li>Colegio de la Arquitectura T\u00e9cnica de les <strong>Terres de l&#8217;Ebre<\/strong><\/li>\n<\/ul>\n<p>El \u00e1mbito de actuaci\u00f3n del Consejo es el territorio de Catalu\u00f1a y sus <strong>funciones p\u00fablicas<\/strong> principales son:<\/p>\n<p>&#8211; Ejercer la representaci\u00f3n y la defensa generales de la profesi\u00f3n en el \u00e1mbito de Catalu\u00f1a, de acuerdo con los intereses y las necesidades de la sociedad en relaci\u00f3n con el ejercicio profesional.<\/p>\n<p>&#8211; La coordinaci\u00f3n de los Colegios profesionales que lo integran<\/p>\n<p>El Consejo se rige por|para la legislaci\u00f3n vigente, catalana y estatal, sobre colegios profesionales, y por|para sus <a href=\"https:\/\/consellaparelladors.cat\/wp-content\/uploads\/2015\/11\/Estatuts_Consell_CAST.pdf\" target=\"_blank\" rel=\"noopener noreferrer\">Estatutos<\/a>, aprobados para|por su Junta de Gobierno, en sesi\u00f3n extraordinaria de fecha 13 de mayo de 2009, declarados adecuados a la legalidad por Resoluci\u00f3n JUS\/3041\/2009, inscritos en el Registro de Colegios Profesionales del Departamento de Justicia de la Generalitat de Catalu\u00f1a) y publicados en el DOGC num. 5498 de 4 de noviembre de 2009.<br \/><\/article>\n<h2 class=\"underline\"><span>Junta de Gobierno<\/span><\/h2>\n<p>La <strong>Junta de Gobierno<\/strong> es el \u00f3rgano plenario y decisorio, al cual le corresponde la direcci\u00f3n, la administraci\u00f3n y la representaci\u00f3n del Consejo.<\/p>\n<article class=\"col col3\"><a href=\"https:\/\/consellaparelladors.cat\/wp-content\/uploads\/2023\/07\/JG_consell_2023.jpg\"><img loading=\"lazy\" decoding=\"async\" class=\"alignnone wp-image-1235 size-medium\" src=\"https:\/\/consellaparelladors.cat\/wp-content\/uploads\/2023\/07\/JG_consell_2023-225x300.jpg\" alt=\"\" width=\"225\" height=\"300\" srcset=\"https:\/\/consellaparelladors.cat\/wp-content\/uploads\/2023\/07\/JG_consell_2023-225x300.jpg 225w, https:\/\/consellaparelladors.cat\/wp-content\/uploads\/2023\/07\/JG_consell_2023-768x1024.jpg 768w, https:\/\/consellaparelladors.cat\/wp-content\/uploads\/2023\/07\/JG_consell_2023-1152x1536.jpg 1152w, https:\/\/consellaparelladors.cat\/wp-content\/uploads\/2023\/07\/JG_consell_2023-940x1253.jpg 940w, https:\/\/consellaparelladors.cat\/wp-content\/uploads\/2023\/07\/JG_consell_2023-460x613.jpg 460w, https:\/\/consellaparelladors.cat\/wp-content\/uploads\/2023\/07\/JG_consell_2023-600x800.jpg 600w, https:\/\/consellaparelladors.cat\/wp-content\/uploads\/2023\/07\/JG_consell_2023-68x90.jpg 68w, https:\/\/consellaparelladors.cat\/wp-content\/uploads\/2023\/07\/JG_consell_2023-680x907.jpg 680w, https:\/\/consellaparelladors.cat\/wp-content\/uploads\/2023\/07\/JG_consell_2023.jpg 1200w\" sizes=\"auto, (max-width: 225px) 100vw, 225px\" \/><\/a><\/article>\n<article class=\"col col23\">\n<strong>Miembros de la Junta de Gobierno del Consejo:<\/strong><br \/>\n\n<ul class=\"tick\">\n<li>\n<h6 class=\"noMarge\">Celest\u00ed Ventura i Cisternas<\/h6>\n<p class=\"noMarge\">Presidente<\/p>\n<\/li>\n<li>\n<h6 class=\"noMarge\">Francesc Xavier Llorens Gual<\/h6>\n<p class=\"noMarge\">Secretario<\/p>\n<\/li>\n<li>\n<h6 class=\"noMarge\">Antoni Bramon Serra<\/h6>\n<p class=\"noMarge\">Tesorero<\/p>\n<\/li>\n<li>\n<h6 class=\"noMarge\">Josep Torres i Massot<\/h6>\n<\/li>\n<li>\n<h6 class=\"noMarge\">Manuel Salguero Bel<\/h6>\n<p class=\"noMarge\">Vicepresidentes.<\/p>\n<\/li>\n<\/ul><\/article>\n<p>Aqu\u00ed puede consultar las <a style=\"color: #f90;\" href=\"https:\/\/consellaparelladors.cat\/documentos\/\" target=\"_blank\" rel=\"noopener noreferrer\">Memorias de Actividades del Consejo.<\/a><\/p>\n<p>El <strong>domicilio social<\/strong> del Consejo es:<br \/>\nBon Pastor, 5, 08021 Barcelona<br \/>\nTelefonos: 93 414 38 48 \/ 93 414 50 26<br \/>\nFax: 93 414 33 68<br \/>\nCorreo electr\u00f3nico: <a href=\"mailto:consell@apabcn.cat\">consell@apabcn.cat<\/a><br \/>\nWeb: <a href=\"http:\/\/www.consellaparelladors.cat\">www.consellaparelladors.cat<\/a><br \/>\n<\/section>\n","protected":false},"excerpt":{"rendered":"<p>Presentaci\u00f3n Institucional La Junta de Gobierno es el \u00f3rgano plenario y decisorio, al cual le corresponde la direcci\u00f3n, la administraci\u00f3n y la representaci\u00f3n del Consejo. Aqu\u00ed puede consultar las Memorias de Actividades del Consejo. El domicilio social del Consejo es: Bon Pastor, 5, 08021 Barcelona Telefonos: 93 414 38 48 \/ 93 414 50 26 [&hellip;]<\/p>\n","protected":false},"author":1,"featured_media":0,"parent":0,"menu_order":20,"comment_status":"closed","ping_status":"closed","template":"","meta":{"_monsterinsights_skip_tracking":false,"_monsterinsights_sitenote_active":false,"_monsterinsights_sitenote_note":"","_monsterinsights_sitenote_category":0,"_uf_show_specific_survey":0,"_uf_disable_surveys":false,"footnotes":""},"class_list":["post-77","page","type-page","status-publish","hentry"],"aioseo_notices":[],"_links":{"self":[{"href":"https:\/\/consellaparelladors.cat\/es\/wp-json\/wp\/v2\/pages\/77","targetHints":{"allow":["GET"]}}],"collection":[{"href":"https:\/\/consellaparelladors.cat\/es\/wp-json\/wp\/v2\/pages"}],"about":[{"href":"https:\/\/consellaparelladors.cat\/es\/wp-json\/wp\/v2\/types\/page"}],"author":[{"embeddable":true,"href":"https:\/\/consellaparelladors.cat\/es\/wp-json\/wp\/v2\/users\/1"}],"replies":[{"embeddable":true,"href":"https:\/\/consellaparelladors.cat\/es\/wp-json\/wp\/v2\/comments?post=77"}],"version-history":[{"count":29,"href":"https:\/\/consellaparelladors.cat\/es\/wp-json\/wp\/v2\/pages\/77\/revisions"}],"predecessor-version":[{"id":1577,"href":"https:\/\/consellaparelladors.cat\/es\/wp-json\/wp\/v2\/pages\/77\/revisions\/1577"}],"wp:attachment":[{"href":"https:\/\/consellaparelladors.cat\/es\/wp-json\/wp\/v2\/media?parent=77"}],"curies":[{"name":"wp","href":"https:\/\/api.w.org\/{rel}","templated":true}]}}